{"id":5283,"date":"2022-12-14T07:11:44","date_gmt":"2022-12-14T07:11:44","guid":{"rendered":"https:\/\/www.iks-fenster.hr\/pvc-fenster-und-tueren\/"},"modified":"2024-09-12T07:50:37","modified_gmt":"2024-09-12T07:50:37","slug":"pvc-fenster-und-tueren","status":"publish","type":"page","link":"https:\/\/www.iks-fenster.hr\/de\/pvc-fenster-und-tueren\/","title":{"rendered":"PVC-Fenster und T\u00fcren"},"content":{"rendered":"\t\t<div data-elementor-type=\"wp-page\" data-elementor-id=\"5283\" class=\"elementor elementor-5283 elementor-1220\" data-elementor-post-type=\"page\">\n\t\t\t\t\t\t<section class=\"elementor-section elementor-top-section elementor-element elementor-element-604f2ba elementor-section-height-min-height elementor-section-full_width elementor-section-items-bottom elementor-section-content-bottom elementor-section-height-default\" data-id=\"604f2ba\" data-element_type=\"section\" data-settings=\"{&quot;background_background&quot;:&quot;classic&quot;}\">\n\t\t\t\t\t\t<div class=\"elementor-container elementor-column-gap-default\">\n\t\t\t\t\t<div class=\"elementor-column elementor-col-50 elementor-top-column elementor-element elementor-element-4e2e493\" data-id=\"4e2e493\" data-element_type=\"column\" data-settings=\"{&quot;background_background&quot;:&quot;classic&quot;}\">\n\t\t\t<div class=\"elementor-widget-wrap elementor-element-populated\">\n\t\t\t\t\t\t\t<\/div>\n\t\t<\/div>\n\t\t\t\t<div class=\"elementor-column elementor-col-50 elementor-top-column elementor-element elementor-element-a71f391 elementor-invisible\" data-id=\"a71f391\" data-element_type=\"column\" data-settings=\"{&quot;background_background&quot;:&quot;classic&quot;,&quot;animation&quot;:&quot;slideInRight&quot;}\">\n\t\t\t<div class=\"elementor-widget-wrap elementor-element-populated\">\n\t\t\t\t\t\t<div class=\"elementor-element elementor-element-a707c49 elementor-widget elementor-widget-heading\" data-id=\"a707c49\" data-element_type=\"widget\" data-widget_type=\"heading.default\">\n\t\t\t\t<div class=\"elementor-widget-container\">\n\t\t\t\t\t<h1 class=\"elementor-heading-title elementor-size-default\">PVC-FENSTER UND T\u00dcREN<\/h1>\t\t\t\t<\/div>\n\t\t\t\t<\/div>\n\t\t\t\t<div class=\"elementor-element elementor-element-e5d1a04 elementor-widget elementor-widget-heading\" data-id=\"e5d1a04\" data-element_type=\"widget\" data-widget_type=\"heading.default\">\n\t\t\t\t<div class=\"elementor-widget-container\">\n\t\t\t\t\t<h3 class=\"elementor-heading-title elementor-size-default\"><a href=\"#\">SCHUTZ, KOMFORT UND ENERGIEEINSPARUNG<\/a><\/h3>\t\t\t\t<\/div>\n\t\t\t\t<\/div>\n\t\t\t\t<div class=\"elementor-element elementor-element-91786e9 elementor-widget elementor-widget-text-editor\" data-id=\"91786e9\" data-element_type=\"widget\" data-widget_type=\"text-editor.default\">\n\t\t\t\t<div class=\"elementor-widget-container\">\n\t\t\t\t\t\t\t\t\t<p>PVC-Profile bieten den idealen Schutz f\u00fcr Ihr Zuhause gegen Witterungseinfl\u00fcsse und L\u00e4rm. Ihre hohe Qualit\u00e4t und fortschrittliche Technologie gew\u00e4hrleisten langlebigen und effizienten Schutz, der wertvolle Energie spart. Mit ihrer Hilfe wird Ihr Zuhause sicherer, komfortabler und energieeffizienter. Aus diesen Gr\u00fcnden sind PVC-Profile eine Investition, die sich definitiv auszahlt.   <\/p>\n\t\t\t\t\t\t\t\t<\/div>\n\t\t\t\t<\/div>\n\t\t\t\t\t<\/div>\n\t\t<\/div>\n\t\t\t\t\t<\/div>\n\t\t<\/section>\n\t\t\t\t<section class=\"elementor-section elementor-top-section elementor-element elementor-element-ab72e0b elementor-section-full_width elementor-section-height-default elementor-section-height-default\" data-id=\"ab72e0b\" data-element_type=\"section\">\n\t\t\t\t\t\t<div class=\"elementor-container elementor-column-gap-default\">\n\t\t\t\t\t<div data-wts-url=\"https:\/\/iks-fenster.hr\/pvc-prozori\/\" data-wts-link=\"yes\" data-wts-new-window=\"\" class=\"elementor-column elementor-col-33 elementor-top-column elementor-element elementor-element-c3ece53 ae-link-yes\" data-id=\"c3ece53\" data-element_type=\"column\" data-settings=\"{&quot;background_background&quot;:&quot;classic&quot;,&quot;background_motion_fx_motion_fx_scrolling&quot;:&quot;yes&quot;,&quot;background_motion_fx_translateY_effect&quot;:&quot;yes&quot;,&quot;background_motion_fx_translateY_speed&quot;:{&quot;unit&quot;:&quot;px&quot;,&quot;size&quot;:4,&quot;sizes&quot;:[]},&quot;background_motion_fx_translateY_affectedRange&quot;:{&quot;unit&quot;:&quot;%&quot;,&quot;size&quot;:&quot;&quot;,&quot;sizes&quot;:{&quot;start&quot;:0,&quot;end&quot;:100}},&quot;background_motion_fx_devices&quot;:[&quot;desktop&quot;,&quot;tablet&quot;,&quot;mobile&quot;]}\">\n\t\t\t<div class=\"elementor-widget-wrap elementor-element-populated\">\n\t\t\t\t\t<div class=\"elementor-background-overlay\"><\/div>\n\t\t\t\t\t\t<div class=\"elementor-element elementor-element-9c69bbe elementor-widget elementor-widget-heading\" data-id=\"9c69bbe\" data-element_type=\"widget\" data-widget_type=\"heading.default\">\n\t\t\t\t<div class=\"elementor-widget-container\">\n\t\t\t\t\t<h2 class=\"elementor-heading-title elementor-size-default\"><a href=\"#\"><strong>FENSTER<\/strong><\/a><\/h2>\t\t\t\t<\/div>\n\t\t\t\t<\/div>\n\t\t\t\t\t<\/div>\n\t\t<\/div>\n\t\t\t\t<div data-wts-url=\"https:\/\/iks-fenster.hr\/\/pvc-klizne-stijene\/\" data-wts-link=\"yes\" data-wts-new-window=\"\" class=\"elementor-column elementor-col-33 elementor-top-column elementor-element elementor-element-2d0c9cb ae-link-yes\" data-id=\"2d0c9cb\" data-element_type=\"column\" data-settings=\"{&quot;background_background&quot;:&quot;classic&quot;}\">\n\t\t\t<div class=\"elementor-widget-wrap elementor-element-populated\">\n\t\t\t\t\t<div class=\"elementor-background-overlay\"><\/div>\n\t\t\t\t\t\t<div class=\"elementor-element elementor-element-f86f887 elementor-widget elementor-widget-heading\" data-id=\"f86f887\" data-element_type=\"widget\" data-widget_type=\"heading.default\">\n\t\t\t\t<div class=\"elementor-widget-container\">\n\t\t\t\t\t<h2 class=\"elementor-heading-title elementor-size-default\"><a href=\"#\"><strong>SCHIEBET\u00dcREN <\/strong><\/a><\/h2>\t\t\t\t<\/div>\n\t\t\t\t<\/div>\n\t\t\t\t\t<\/div>\n\t\t<\/div>\n\t\t\t\t<div data-wts-url=\"https:\/\/iks-fenster.hr\/\/pvc-ulazna-vrata\/\" data-wts-link=\"yes\" data-wts-new-window=\"\" class=\"elementor-column elementor-col-33 elementor-top-column elementor-element elementor-element-dcd4d05 ae-link-yes\" data-id=\"dcd4d05\" data-element_type=\"column\" data-settings=\"{&quot;background_background&quot;:&quot;classic&quot;}\">\n\t\t\t<div class=\"elementor-widget-wrap elementor-element-populated\">\n\t\t\t\t\t<div class=\"elementor-background-overlay\"><\/div>\n\t\t\t\t\t\t<div class=\"elementor-element elementor-element-b9db00d elementor-widget elementor-widget-heading\" data-id=\"b9db00d\" data-element_type=\"widget\" data-widget_type=\"heading.default\">\n\t\t\t\t<div class=\"elementor-widget-container\">\n\t\t\t\t\t<h2 class=\"elementor-heading-title elementor-size-default\"><a href=\"#\"><strong>HAUST\u00dcREN<\/strong><\/a><\/h2>\t\t\t\t<\/div>\n\t\t\t\t<\/div>\n\t\t\t\t\t<\/div>\n\t\t<\/div>\n\t\t\t\t\t<\/div>\n\t\t<\/section>\n\t\t\t\t<section class=\"elementor-section elementor-top-section elementor-element elementor-element-4a00a6f elementor-section-boxed elementor-section-height-default elementor-section-height-default\" data-id=\"4a00a6f\" data-element_type=\"section\">\n\t\t\t\t\t\t<div class=\"elementor-container elementor-column-gap-default\">\n\t\t\t\t\t<div class=\"elementor-column elementor-col-100 elementor-top-column elementor-element elementor-element-55d1f6f\" data-id=\"55d1f6f\" data-element_type=\"column\">\n\t\t\t<div class=\"elementor-widget-wrap elementor-element-populated\">\n\t\t\t\t\t\t<div class=\"elementor-element elementor-element-bcf35e6 elementor-widget elementor-widget-heading\" data-id=\"bcf35e6\" data-element_type=\"widget\" data-widget_type=\"heading.default\">\n\t\t\t\t<div class=\"elementor-widget-container\">\n\t\t\t\t\t<h2 class=\"elementor-heading-title elementor-size-default\"><strong>VORTEILE<\/strong> DER PVC-FENSTER VON IKS FENSTER<\/h2>\t\t\t\t<\/div>\n\t\t\t\t<\/div>\n\t\t\t\t\t<\/div>\n\t\t<\/div>\n\t\t\t\t\t<\/div>\n\t\t<\/section>\n\t\t\t\t<section class=\"elementor-section elementor-top-section elementor-element elementor-element-953d551 elementor-section-boxed elementor-section-height-default elementor-section-height-default\" data-id=\"953d551\" data-element_type=\"section\">\n\t\t\t\t\t\t<div class=\"elementor-container elementor-column-gap-wide\">\n\t\t\t\t\t<div class=\"elementor-column elementor-col-33 elementor-top-column elementor-element elementor-element-c1cb7cf\" data-id=\"c1cb7cf\" data-element_type=\"column\">\n\t\t\t<div class=\"elementor-widget-wrap elementor-element-populated\">\n\t\t\t\t\t\t<div class=\"elementor-element elementor-element-46da912 elementor-widget elementor-widget-image\" data-id=\"46da912\" data-element_type=\"widget\" data-widget_type=\"image.default\">\n\t\t\t\t<div class=\"elementor-widget-container\">\n\t\t\t\t\t\t\t\t\t\t\t\t\t\t\t<img decoding=\"async\" width=\"235\" height=\"204\" src=\"https:\/\/www.iks-fenster.hr\/wp-content\/uploads\/2023\/02\/I-otpornost.png\" class=\"attachment-large size-large wp-image-4856\" alt=\"\" \/>\t\t\t\t\t\t\t\t\t\t\t\t\t\t\t<\/div>\n\t\t\t\t<\/div>\n\t\t\t\t<div class=\"elementor-element elementor-element-a60ae57 elementor-widget elementor-widget-heading\" data-id=\"a60ae57\" data-element_type=\"widget\" data-widget_type=\"heading.default\">\n\t\t\t\t<div class=\"elementor-widget-container\">\n\t\t\t\t\t<h3 class=\"elementor-heading-title elementor-size-default\">BEST\u00c4NDIGKEIT<\/h3>\t\t\t\t<\/div>\n\t\t\t\t<\/div>\n\t\t\t\t<div class=\"elementor-element elementor-element-a64c1d2 elementor-widget elementor-widget-text-editor\" data-id=\"a64c1d2\" data-element_type=\"widget\" data-widget_type=\"text-editor.default\">\n\t\t\t\t<div class=\"elementor-widget-container\">\n\t\t\t\t\t\t\t\t\t<p>PVC-Fenster sind extrem witterungsbest\u00e4ndig und umweltresistent und bieten eine lange Lebensdauer.<\/p>\n\t\t\t\t\t\t\t\t<\/div>\n\t\t\t\t<\/div>\n\t\t\t\t\t<\/div>\n\t\t<\/div>\n\t\t\t\t<div class=\"elementor-column elementor-col-33 elementor-top-column elementor-element elementor-element-dd9576a\" data-id=\"dd9576a\" data-element_type=\"column\">\n\t\t\t<div class=\"elementor-widget-wrap elementor-element-populated\">\n\t\t\t\t\t\t<div class=\"elementor-element elementor-element-aef043d elementor-widget elementor-widget-image\" data-id=\"aef043d\" data-element_type=\"widget\" data-widget_type=\"image.default\">\n\t\t\t\t<div class=\"elementor-widget-container\">\n\t\t\t\t\t\t\t\t\t\t\t\t\t\t\t<img decoding=\"async\" width=\"235\" height=\"203\" src=\"https:\/\/www.iks-fenster.hr\/wp-content\/uploads\/2023\/02\/I-zastita.png\" class=\"attachment-large size-large wp-image-4857\" alt=\"\" \/>\t\t\t\t\t\t\t\t\t\t\t\t\t\t\t<\/div>\n\t\t\t\t<\/div>\n\t\t\t\t<div class=\"elementor-element elementor-element-6bdb00f elementor-widget elementor-widget-heading\" data-id=\"6bdb00f\" data-element_type=\"widget\" data-widget_type=\"heading.default\">\n\t\t\t\t<div class=\"elementor-widget-container\">\n\t\t\t\t\t<h3 class=\"elementor-heading-title elementor-size-default\">KOMFORT<\/h3>\t\t\t\t<\/div>\n\t\t\t\t<\/div>\n\t\t\t\t<div class=\"elementor-element elementor-element-a33a9c0 elementor-widget elementor-widget-text-editor\" data-id=\"a33a9c0\" data-element_type=\"widget\" data-widget_type=\"text-editor.default\">\n\t\t\t\t<div class=\"elementor-widget-container\">\n\t\t\t\t\t\t\t\t\t<p>Mehrkammerprofile der PVC-Fenster sorgen f\u00fcr W\u00e4rmer\u00fcckhalt im Raum und verhindern das Eindringen von L\u00e4rm.<\/p>\n\t\t\t\t\t\t\t\t<\/div>\n\t\t\t\t<\/div>\n\t\t\t\t\t<\/div>\n\t\t<\/div>\n\t\t\t\t<div class=\"elementor-column elementor-col-33 elementor-top-column elementor-element elementor-element-9d2430b\" data-id=\"9d2430b\" data-element_type=\"column\">\n\t\t\t<div class=\"elementor-widget-wrap elementor-element-populated\">\n\t\t\t\t\t\t<div class=\"elementor-element elementor-element-9cbbe31 elementor-widget elementor-widget-image\" data-id=\"9cbbe31\" data-element_type=\"widget\" data-widget_type=\"image.default\">\n\t\t\t\t<div class=\"elementor-widget-container\">\n\t\t\t\t\t\t\t\t\t\t\t\t\t\t\t<img decoding=\"async\" width=\"236\" height=\"203\" src=\"https:\/\/www.iks-fenster.hr\/wp-content\/uploads\/2023\/02\/I-individualnost.png\" class=\"attachment-large size-large wp-image-4858\" alt=\"\" \/>\t\t\t\t\t\t\t\t\t\t\t\t\t\t\t<\/div>\n\t\t\t\t<\/div>\n\t\t\t\t<div class=\"elementor-element elementor-element-e22fb68 elementor-widget elementor-widget-heading\" data-id=\"e22fb68\" data-element_type=\"widget\" data-widget_type=\"heading.default\">\n\t\t\t\t<div class=\"elementor-widget-container\">\n\t\t\t\t\t<h3 class=\"elementor-heading-title elementor-size-default\">INDIVIDUALIT\u00c4T<\/h3>\t\t\t\t<\/div>\n\t\t\t\t<\/div>\n\t\t\t\t<div class=\"elementor-element elementor-element-977b689 elementor-widget elementor-widget-text-editor\" data-id=\"977b689\" data-element_type=\"widget\" data-widget_type=\"text-editor.default\">\n\t\t\t\t<div class=\"elementor-widget-container\">\n\t\t\t\t\t\t\t\t\t<p>PVC-Fenster k\u00f6nnen nach den individuellen W\u00fcnschen und Anforderungen des Kunden ma\u00dfgeschneidert werden.<\/p>\n\t\t\t\t\t\t\t\t<\/div>\n\t\t\t\t<\/div>\n\t\t\t\t\t<\/div>\n\t\t<\/div>\n\t\t\t\t\t<\/div>\n\t\t<\/section>\n\t\t\t\t<section class=\"elementor-section elementor-top-section elementor-element elementor-element-a4ecf82 elementor-section-boxed elementor-section-height-default elementor-section-height-default\" data-id=\"a4ecf82\" data-element_type=\"section\">\n\t\t\t\t\t\t<div class=\"elementor-container elementor-column-gap-wide\">\n\t\t\t\t\t<div class=\"elementor-column elementor-col-33 elementor-top-column elementor-element elementor-element-561f3a3\" data-id=\"561f3a3\" data-element_type=\"column\">\n\t\t\t<div class=\"elementor-widget-wrap elementor-element-populated\">\n\t\t\t\t\t\t<div class=\"elementor-element elementor-element-31968d1 elementor-widget elementor-widget-image\" data-id=\"31968d1\" data-element_type=\"widget\" data-widget_type=\"image.default\">\n\t\t\t\t<div class=\"elementor-widget-container\">\n\t\t\t\t\t\t\t\t\t\t\t\t\t\t\t<img loading=\"lazy\" decoding=\"async\" width=\"236\" height=\"203\" src=\"https:\/\/www.iks-fenster.hr\/wp-content\/uploads\/2023\/02\/I-odrzavanje.png\" class=\"attachment-large size-large wp-image-4860\" alt=\"\" \/>\t\t\t\t\t\t\t\t\t\t\t\t\t\t\t<\/div>\n\t\t\t\t<\/div>\n\t\t\t\t<div class=\"elementor-element elementor-element-2c843c9 elementor-widget elementor-widget-heading\" data-id=\"2c843c9\" data-element_type=\"widget\" data-widget_type=\"heading.default\">\n\t\t\t\t<div class=\"elementor-widget-container\">\n\t\t\t\t\t<h3 class=\"elementor-heading-title elementor-size-default\">EINFACHE PFLEGE<\/h3>\t\t\t\t<\/div>\n\t\t\t\t<\/div>\n\t\t\t\t<div class=\"elementor-element elementor-element-15da741 elementor-widget elementor-widget-text-editor\" data-id=\"15da741\" data-element_type=\"widget\" data-widget_type=\"text-editor.default\">\n\t\t\t\t<div class=\"elementor-widget-container\">\n\t\t\t\t\t\t\t\t\t<p>Hochwertige PVC-Fenster sind \u00e4u\u00dferst pflegeleicht, ben\u00f6tigen minimalen Aufwand und nur gelegentliches Schmieren. <\/p>\n\t\t\t\t\t\t\t\t<\/div>\n\t\t\t\t<\/div>\n\t\t\t\t\t<\/div>\n\t\t<\/div>\n\t\t\t\t<div class=\"elementor-column elementor-col-33 elementor-top-column elementor-element elementor-element-658422b\" data-id=\"658422b\" data-element_type=\"column\">\n\t\t\t<div class=\"elementor-widget-wrap elementor-element-populated\">\n\t\t\t\t\t\t<div class=\"elementor-element elementor-element-1ca7f0d elementor-widget elementor-widget-image\" data-id=\"1ca7f0d\" data-element_type=\"widget\" data-widget_type=\"image.default\">\n\t\t\t\t<div class=\"elementor-widget-container\">\n\t\t\t\t\t\t\t\t\t\t\t\t\t\t\t<img loading=\"lazy\" decoding=\"async\" width=\"236\" height=\"203\" src=\"https:\/\/www.iks-fenster.hr\/wp-content\/uploads\/2023\/02\/I-energetska-ucinkovitost.png\" class=\"attachment-large size-large wp-image-4861\" alt=\"\" \/>\t\t\t\t\t\t\t\t\t\t\t\t\t\t\t<\/div>\n\t\t\t\t<\/div>\n\t\t\t\t<div class=\"elementor-element elementor-element-b52bc59 elementor-widget elementor-widget-heading\" data-id=\"b52bc59\" data-element_type=\"widget\" data-widget_type=\"heading.default\">\n\t\t\t\t<div class=\"elementor-widget-container\">\n\t\t\t\t\t<h3 class=\"elementor-heading-title elementor-size-default\">ENERGIEEFFIZIENZ<\/h3>\t\t\t\t<\/div>\n\t\t\t\t<\/div>\n\t\t\t\t<div class=\"elementor-element elementor-element-e2ec869 elementor-widget elementor-widget-text-editor\" data-id=\"e2ec869\" data-element_type=\"widget\" data-widget_type=\"text-editor.default\">\n\t\t\t\t<div class=\"elementor-widget-container\">\n\t\t\t\t\t\t\t\t\t<p>PVC-Profile bieten hervorragende Isoliereigenschaften, die zu einer Reduzierung der Heiz- und Energiekosten f\u00fchren. <\/p>\n\t\t\t\t\t\t\t\t<\/div>\n\t\t\t\t<\/div>\n\t\t\t\t\t<\/div>\n\t\t<\/div>\n\t\t\t\t<div class=\"elementor-column elementor-col-33 elementor-top-column elementor-element elementor-element-6329d1b\" data-id=\"6329d1b\" data-element_type=\"column\">\n\t\t\t<div class=\"elementor-widget-wrap elementor-element-populated\">\n\t\t\t\t\t\t<div class=\"elementor-element elementor-element-43b35d0 elementor-widget elementor-widget-image\" data-id=\"43b35d0\" data-element_type=\"widget\" data-widget_type=\"image.default\">\n\t\t\t\t<div class=\"elementor-widget-container\">\n\t\t\t\t\t\t\t\t\t\t\t\t\t\t\t<img loading=\"lazy\" decoding=\"async\" width=\"236\" height=\"203\" src=\"https:\/\/www.iks-fenster.hr\/wp-content\/uploads\/2023\/02\/I-boje.png\" class=\"attachment-large size-large wp-image-4859\" alt=\"\" \/>\t\t\t\t\t\t\t\t\t\t\t\t\t\t\t<\/div>\n\t\t\t\t<\/div>\n\t\t\t\t<div class=\"elementor-element elementor-element-a320e50 elementor-widget elementor-widget-heading\" data-id=\"a320e50\" data-element_type=\"widget\" data-widget_type=\"heading.default\">\n\t\t\t\t<div class=\"elementor-widget-container\">\n\t\t\t\t\t<h3 class=\"elementor-heading-title elementor-size-default\">FARBEN UND DEKORE<\/h3>\t\t\t\t<\/div>\n\t\t\t\t<\/div>\n\t\t\t\t<div class=\"elementor-element elementor-element-e97e5e1 elementor-widget elementor-widget-text-editor\" data-id=\"e97e5e1\" data-element_type=\"widget\" data-widget_type=\"text-editor.default\">\n\t\t\t\t<div class=\"elementor-widget-container\">\n\t\t\t\t\t\t\t\t\t<p>Je nach Geschmack und Baustil k\u00f6nnen moderne Fenster nicht nur in Wei\u00df, sondern auch in Acrylcolor, Dekor- und Holzdekorfolien gefertigt werden.<\/p>\n\t\t\t\t\t\t\t\t<\/div>\n\t\t\t\t<\/div>\n\t\t\t\t\t<\/div>\n\t\t<\/div>\n\t\t\t\t\t<\/div>\n\t\t<\/section>\n\t\t\t\t<section class=\"elementor-section elementor-top-section elementor-element elementor-element-e5833bf elementor-section-full_width elementor-section-height-default elementor-section-height-default\" data-id=\"e5833bf\" data-element_type=\"section\">\n\t\t\t\t\t\t<div class=\"elementor-container elementor-column-gap-default\">\n\t\t\t\t\t\t<\/div>\n\t\t<\/section>\n\t\t\t\t<\/div>\n\t\t","protected":false},"excerpt":{"rendered":"<p>PVC-FENSTER UND T\u00dcREN SCHUTZ, KOMFORT UND ENERGIEEINSPARUNG PVC-Profile bieten den idealen Schutz f\u00fcr Ihr Zuhause gegen Witterungseinfl\u00fcsse und L\u00e4rm. Ihre hohe Qualit\u00e4t und fortschrittliche Technologie gew\u00e4hrleisten langlebigen und effizienten Schutz, der wertvolle Energie spart. Mit ihrer Hilfe wird Ihr Zuhause sicherer, komfortabler und energieeffizienter. Aus diesen Gr\u00fcnden sind PVC-Profile eine Investition, die sich definitiv auszahlt. [&hellip;]<\/p>\n","protected":false},"author":1,"featured_media":4851,"parent":0,"menu_order":0,"comment_status":"closed","ping_status":"closed","template":"","meta":{"_acf_changed":false,"footnotes":""},"class_list":["post-5283","page","type-page","status-publish","has-post-thumbnail","hentry"],"acf":[],"yoast_head":"<!-- This site is optimized with the Yoast SEO plugin v26.7 - https:\/\/yoast.com\/wordpress\/plugins\/seo\/ -->\n<title>IKS Fenster - PVC-Fenster und T\u00fcren<\/title>\n<meta name=\"description\" content=\"PVC-Profile sind die perfekte L\u00f6sung, um Ihr Zuhause vor allen Witterungseinfl\u00fcssen und L\u00e4rm zu sch\u00fctzen. Gro\u00dfe Auswahl an Profilen, Farben und Zubeh\u00f6r.\" \/>\n<meta name=\"robots\" content=\"index, follow, max-snippet:-1, max-image-preview:large, max-video-preview:-1\" \/>\n<link rel=\"canonical\" href=\"https:\/\/www.iks-fenster.hr\/de\/pvc-fenster-und-tueren\/\" \/>\n<meta property=\"og:locale\" content=\"de_DE\" \/>\n<meta property=\"og:type\" content=\"article\" \/>\n<meta property=\"og:title\" content=\"IKS Fenster - PVC-Fenster und T\u00fcren\" \/>\n<meta property=\"og:description\" content=\"PVC-Profile sind die perfekte L\u00f6sung, um Ihr Zuhause vor allen Witterungseinfl\u00fcssen und L\u00e4rm zu sch\u00fctzen. Gro\u00dfe Auswahl an Profilen, Farben und Zubeh\u00f6r.\" \/>\n<meta property=\"og:url\" content=\"https:\/\/www.iks-fenster.hr\/de\/pvc-fenster-und-tueren\/\" \/>\n<meta property=\"og:site_name\" content=\"IKS Fenster\" \/>\n<meta property=\"article:modified_time\" content=\"2024-09-12T07:50:37+00:00\" \/>\n<meta property=\"og:image\" content=\"https:\/\/www.iks-fenster.hr\/wp-content\/uploads\/2023\/02\/IKS-pvc-stolarija.jpg\" \/>\n\t<meta property=\"og:image:width\" content=\"1000\" \/>\n\t<meta property=\"og:image:height\" content=\"600\" \/>\n\t<meta property=\"og:image:type\" content=\"image\/jpeg\" \/>\n<meta name=\"twitter:card\" content=\"summary_large_image\" \/>\n<meta name=\"twitter:label1\" content=\"Gesch\u00e4tzte Lesezeit\" \/>\n\t<meta name=\"twitter:data1\" content=\"1\u00a0Minute\" \/>\n<script type=\"application\/ld+json\" class=\"yoast-schema-graph\">{\"@context\":\"https:\/\/schema.org\",\"@graph\":[{\"@type\":\"WebPage\",\"@id\":\"https:\/\/www.iks-fenster.hr\/de\/pvc-fenster-und-tueren\/\",\"url\":\"https:\/\/www.iks-fenster.hr\/de\/pvc-fenster-und-tueren\/\",\"name\":\"IKS Fenster - PVC-Fenster und T\u00fcren\",\"isPartOf\":{\"@id\":\"https:\/\/www.iks-fenster.hr\/de\/#website\"},\"primaryImageOfPage\":{\"@id\":\"https:\/\/www.iks-fenster.hr\/de\/pvc-fenster-und-tueren\/#primaryimage\"},\"image\":{\"@id\":\"https:\/\/www.iks-fenster.hr\/de\/pvc-fenster-und-tueren\/#primaryimage\"},\"thumbnailUrl\":\"https:\/\/www.iks-fenster.hr\/wp-content\/uploads\/2023\/02\/IKS-pvc-stolarija.jpg\",\"datePublished\":\"2022-12-14T07:11:44+00:00\",\"dateModified\":\"2024-09-12T07:50:37+00:00\",\"description\":\"PVC-Profile sind die perfekte L\u00f6sung, um Ihr Zuhause vor allen Witterungseinfl\u00fcssen und L\u00e4rm zu sch\u00fctzen. Gro\u00dfe Auswahl an Profilen, Farben und Zubeh\u00f6r.\",\"breadcrumb\":{\"@id\":\"https:\/\/www.iks-fenster.hr\/de\/pvc-fenster-und-tueren\/#breadcrumb\"},\"inLanguage\":\"de\",\"potentialAction\":[{\"@type\":\"ReadAction\",\"target\":[\"https:\/\/www.iks-fenster.hr\/de\/pvc-fenster-und-tueren\/\"]}]},{\"@type\":\"ImageObject\",\"inLanguage\":\"de\",\"@id\":\"https:\/\/www.iks-fenster.hr\/de\/pvc-fenster-und-tueren\/#primaryimage\",\"url\":\"https:\/\/www.iks-fenster.hr\/wp-content\/uploads\/2023\/02\/IKS-pvc-stolarija.jpg\",\"contentUrl\":\"https:\/\/www.iks-fenster.hr\/wp-content\/uploads\/2023\/02\/IKS-pvc-stolarija.jpg\",\"width\":1000,\"height\":600},{\"@type\":\"BreadcrumbList\",\"@id\":\"https:\/\/www.iks-fenster.hr\/de\/pvc-fenster-und-tueren\/#breadcrumb\",\"itemListElement\":[{\"@type\":\"ListItem\",\"position\":1,\"name\":\"Home\",\"item\":\"https:\/\/www.iks-fenster.hr\/de\/startseite\/\"},{\"@type\":\"ListItem\",\"position\":2,\"name\":\"PVC-Fenster und T\u00fcren\"}]},{\"@type\":\"WebSite\",\"@id\":\"https:\/\/www.iks-fenster.hr\/de\/#website\",\"url\":\"https:\/\/www.iks-fenster.hr\/de\/\",\"name\":\"IKS Fenster\",\"description\":\"\",\"publisher\":{\"@id\":\"https:\/\/www.iks-fenster.hr\/de\/#organization\"},\"potentialAction\":[{\"@type\":\"SearchAction\",\"target\":{\"@type\":\"EntryPoint\",\"urlTemplate\":\"https:\/\/www.iks-fenster.hr\/de\/?s={search_term_string}\"},\"query-input\":{\"@type\":\"PropertyValueSpecification\",\"valueRequired\":true,\"valueName\":\"search_term_string\"}}],\"inLanguage\":\"de\"},{\"@type\":\"Organization\",\"@id\":\"https:\/\/www.iks-fenster.hr\/de\/#organization\",\"name\":\"IKS Fenster\",\"url\":\"https:\/\/www.iks-fenster.hr\/de\/\",\"logo\":{\"@type\":\"ImageObject\",\"inLanguage\":\"de\",\"@id\":\"https:\/\/www.iks-fenster.hr\/de\/#\/schema\/logo\/image\/\",\"url\":\"https:\/\/iks-fenster.hr\/wp-content\/uploads\/2021\/03\/IKS-Fenster-Logo.png\",\"contentUrl\":\"https:\/\/iks-fenster.hr\/wp-content\/uploads\/2021\/03\/IKS-Fenster-Logo.png\",\"width\":612,\"height\":236,\"caption\":\"IKS Fenster\"},\"image\":{\"@id\":\"https:\/\/www.iks-fenster.hr\/de\/#\/schema\/logo\/image\/\"}}]}<\/script>\n<!-- \/ Yoast SEO plugin. -->","yoast_head_json":{"title":"IKS Fenster - PVC-Fenster und T\u00fcren","description":"PVC-Profile sind die perfekte L\u00f6sung, um Ihr Zuhause vor allen Witterungseinfl\u00fcssen und L\u00e4rm zu sch\u00fctzen. Gro\u00dfe Auswahl an Profilen, Farben und Zubeh\u00f6r.","robots":{"index":"index","follow":"follow","max-snippet":"max-snippet:-1","max-image-preview":"max-image-preview:large","max-video-preview":"max-video-preview:-1"},"canonical":"https:\/\/www.iks-fenster.hr\/de\/pvc-fenster-und-tueren\/","og_locale":"de_DE","og_type":"article","og_title":"IKS Fenster - PVC-Fenster und T\u00fcren","og_description":"PVC-Profile sind die perfekte L\u00f6sung, um Ihr Zuhause vor allen Witterungseinfl\u00fcssen und L\u00e4rm zu sch\u00fctzen. Gro\u00dfe Auswahl an Profilen, Farben und Zubeh\u00f6r.","og_url":"https:\/\/www.iks-fenster.hr\/de\/pvc-fenster-und-tueren\/","og_site_name":"IKS Fenster","article_modified_time":"2024-09-12T07:50:37+00:00","og_image":[{"width":1000,"height":600,"url":"https:\/\/www.iks-fenster.hr\/wp-content\/uploads\/2023\/02\/IKS-pvc-stolarija.jpg","type":"image\/jpeg"}],"twitter_card":"summary_large_image","twitter_misc":{"Gesch\u00e4tzte Lesezeit":"1\u00a0Minute"},"schema":{"@context":"https:\/\/schema.org","@graph":[{"@type":"WebPage","@id":"https:\/\/www.iks-fenster.hr\/de\/pvc-fenster-und-tueren\/","url":"https:\/\/www.iks-fenster.hr\/de\/pvc-fenster-und-tueren\/","name":"IKS Fenster - PVC-Fenster und T\u00fcren","isPartOf":{"@id":"https:\/\/www.iks-fenster.hr\/de\/#website"},"primaryImageOfPage":{"@id":"https:\/\/www.iks-fenster.hr\/de\/pvc-fenster-und-tueren\/#primaryimage"},"image":{"@id":"https:\/\/www.iks-fenster.hr\/de\/pvc-fenster-und-tueren\/#primaryimage"},"thumbnailUrl":"https:\/\/www.iks-fenster.hr\/wp-content\/uploads\/2023\/02\/IKS-pvc-stolarija.jpg","datePublished":"2022-12-14T07:11:44+00:00","dateModified":"2024-09-12T07:50:37+00:00","description":"PVC-Profile sind die perfekte L\u00f6sung, um Ihr Zuhause vor allen Witterungseinfl\u00fcssen und L\u00e4rm zu sch\u00fctzen. Gro\u00dfe Auswahl an Profilen, Farben und Zubeh\u00f6r.","breadcrumb":{"@id":"https:\/\/www.iks-fenster.hr\/de\/pvc-fenster-und-tueren\/#breadcrumb"},"inLanguage":"de","potentialAction":[{"@type":"ReadAction","target":["https:\/\/www.iks-fenster.hr\/de\/pvc-fenster-und-tueren\/"]}]},{"@type":"ImageObject","inLanguage":"de","@id":"https:\/\/www.iks-fenster.hr\/de\/pvc-fenster-und-tueren\/#primaryimage","url":"https:\/\/www.iks-fenster.hr\/wp-content\/uploads\/2023\/02\/IKS-pvc-stolarija.jpg","contentUrl":"https:\/\/www.iks-fenster.hr\/wp-content\/uploads\/2023\/02\/IKS-pvc-stolarija.jpg","width":1000,"height":600},{"@type":"BreadcrumbList","@id":"https:\/\/www.iks-fenster.hr\/de\/pvc-fenster-und-tueren\/#breadcrumb","itemListElement":[{"@type":"ListItem","position":1,"name":"Home","item":"https:\/\/www.iks-fenster.hr\/de\/startseite\/"},{"@type":"ListItem","position":2,"name":"PVC-Fenster und T\u00fcren"}]},{"@type":"WebSite","@id":"https:\/\/www.iks-fenster.hr\/de\/#website","url":"https:\/\/www.iks-fenster.hr\/de\/","name":"IKS Fenster","description":"","publisher":{"@id":"https:\/\/www.iks-fenster.hr\/de\/#organization"},"potentialAction":[{"@type":"SearchAction","target":{"@type":"EntryPoint","urlTemplate":"https:\/\/www.iks-fenster.hr\/de\/?s={search_term_string}"},"query-input":{"@type":"PropertyValueSpecification","valueRequired":true,"valueName":"search_term_string"}}],"inLanguage":"de"},{"@type":"Organization","@id":"https:\/\/www.iks-fenster.hr\/de\/#organization","name":"IKS Fenster","url":"https:\/\/www.iks-fenster.hr\/de\/","logo":{"@type":"ImageObject","inLanguage":"de","@id":"https:\/\/www.iks-fenster.hr\/de\/#\/schema\/logo\/image\/","url":"https:\/\/iks-fenster.hr\/wp-content\/uploads\/2021\/03\/IKS-Fenster-Logo.png","contentUrl":"https:\/\/iks-fenster.hr\/wp-content\/uploads\/2021\/03\/IKS-Fenster-Logo.png","width":612,"height":236,"caption":"IKS Fenster"},"image":{"@id":"https:\/\/www.iks-fenster.hr\/de\/#\/schema\/logo\/image\/"}}]}},"_links":{"self":[{"href":"https:\/\/www.iks-fenster.hr\/de\/wp-json\/wp\/v2\/pages\/5283","targetHints":{"allow":["GET"]}}],"collection":[{"href":"https:\/\/www.iks-fenster.hr\/de\/wp-json\/wp\/v2\/pages"}],"about":[{"href":"https:\/\/www.iks-fenster.hr\/de\/wp-json\/wp\/v2\/types\/page"}],"author":[{"embeddable":true,"href":"https:\/\/www.iks-fenster.hr\/de\/wp-json\/wp\/v2\/users\/1"}],"replies":[{"embeddable":true,"href":"https:\/\/www.iks-fenster.hr\/de\/wp-json\/wp\/v2\/comments?post=5283"}],"version-history":[{"count":3,"href":"https:\/\/www.iks-fenster.hr\/de\/wp-json\/wp\/v2\/pages\/5283\/revisions"}],"predecessor-version":[{"id":5318,"href":"https:\/\/www.iks-fenster.hr\/de\/wp-json\/wp\/v2\/pages\/5283\/revisions\/5318"}],"wp:featuredmedia":[{"embeddable":true,"href":"https:\/\/www.iks-fenster.hr\/de\/wp-json\/wp\/v2\/media\/4851"}],"wp:attachment":[{"href":"https:\/\/www.iks-fenster.hr\/de\/wp-json\/wp\/v2\/media?parent=5283"}],"curies":[{"name":"wp","href":"https:\/\/api.w.org\/{rel}","templated":true}]}}